{"id":3924,"date":"2022-09-29T08:22:28","date_gmt":"2022-09-29T08:22:28","guid":{"rendered":"http:\/\/www.osir.dobremiasto.com.pl\/?page_id=3924"},"modified":"2025-03-11T10:06:52","modified_gmt":"2025-03-11T10:06:52","slug":"ochrona-danych-osobowych","status":"publish","type":"page","link":"https:\/\/www.osir.dobremiasto.com.pl\/index.php\/ochrona-danych-osobowych\/","title":{"rendered":"Ochrona Danych Osobowych"},"content":{"rendered":"<p class=\"western\" align=\"center\"><span style=\"font-size: 14pt; font-family: arial, helvetica, sans-serif;\"><b>KLAUZULA INFORMACYJNA DOTYCZ\u0104CA SPOSOBU PRZETWARZANIA DANYCH OSOBOWYCH OS\u00d3B FIZYCZNYCH<br \/>\nW O\u015aRODKU SPORTU I REKREACJI W DOBRYM MIE\u015aCIE<\/b><\/span><\/p>\n<p class=\"western\" align=\"justify\"><span style=\"font-family: arial, helvetica, sans-serif; font-size: 14pt;\">Szanowni Pa\u0144stwo,<\/span><\/p>\n<p class=\"western\" align=\"justify\"><span style=\"font-family: arial, helvetica, sans-serif; font-size: 14pt;\">Realizuj\u0105c obowi\u0105zek informacyjny zgodnie z art. 13 ust. 1 i 2 oraz art. 14 Rozporz\u0105dzenia Parlamentu Europejskiego<br \/>\ni Rady (UE) 2016\/679 z dnia 27 kwietnia 2016 roku w sprawie ochrony os\u00f3b fizycznych w zwi\u0105zku z przetwarzaniem danych osobowych i w sprawie swobodnego przep\u0142ywu takich danych oraz uchylenia dyrektywy 95\/46\/WE (og\u00f3lnego rozporz\u0105dzenia o ochronie danych, zwane dalej \u201eRODO\u201d ) informujemy, i\u017c:<\/span><\/p>\n<ol>\n<li value=\"1\">\n<p align=\"justify\"><span style=\"font-family: arial, helvetica, sans-serif; font-size: 14pt;\"><b>Administrator Danych Osobowych:<\/b><\/span><\/p>\n<\/li>\n<\/ol>\n<p align=\"justify\"><span style=\"font-family: arial, helvetica, sans-serif; font-size: 14pt;\">Administratorem systemu monitoringu wizyjnego jest O\u015brodek Sportu i Rekreacji w Dobrym Mie\u015bcie<br \/>\nz siedzib\u0105 przy ul. Garnizonowej 18, 11- 040 Dobre Miasto, reprezentowany przez Dyrektor OSiR w Dobrym Mie\u015bcie, Pani\u0105 Julit\u0119 Zadworn\u0105. Z Administratorem Danych Osobowych (ADO) mo\u017cna skontaktowa\u0107 si\u0119 pisz\u0105c pod wskazany adres e- mail: <span style=\"color: #0563c1;\"><u><a href=\"mailto:dyrektor.osir@dobremiasto.com.pl\">dyrektor.osir@dobremiasto.com.pl<\/a><\/u><\/span> lub telefonuj\u0105c pod numer 601&nbsp;476&nbsp;909.<\/span><\/p>\n<ol start=\"2\">\n<li>\n<p align=\"justify\"><span style=\"font-family: arial, helvetica, sans-serif; font-size: 14pt;\"><b>Inspektor Ochrony Danych Osobowych:<\/b><\/span><\/p>\n<\/li>\n<\/ol>\n<p align=\"justify\"><span style=\"font-family: arial, helvetica, sans-serif; font-size: 14pt;\">W trosce o bezpiecze\u0144stwo Pa\u0144stwa danych osobowych Administrator Danych wyznaczy\u0142 Inspektora Ochrony Danych Osobowych oraz jego Zast\u0119pc\u0119, z kt\u00f3rymi mo\u017cecie si\u0119 Pa\u0144stwo skontaktowa\u0107 w sprawach dotycz\u0105cych ochrony danych osobowych i realizacji praw z tym zwi\u0105zanych, pisz\u0105c na adres e- mail:<\/span><\/p>\n<p align=\"justify\"><span style=\"font-family: arial, helvetica, sans-serif; font-size: 14pt;\">&nbsp;<a title=\"\" href=\"mailto:paulina.wieckiel@gptogatus.pl\" rel=\"noreferrer\" aria-haspopup=\"true\" aria-expanded=\"false\" aria-owns=\"mailto-menu\" data-original-title=\"\" aria-describedby=\"popover45233\">paulina.wieckiel@gptogatus.pl<\/a><\/span><\/p>\n<ol start=\"3\">\n<li>\n<p align=\"justify\"><span style=\"font-family: arial, helvetica, sans-serif; font-size: 14pt;\"><b>Cel i podstawa prawna przetwarzania danych osobowych:<\/b><\/span><\/p>\n<\/li>\n<\/ol>\n<p align=\"justify\"><span style=\"font-family: arial, helvetica, sans-serif; font-size: 14pt;\">Administrator danych b\u0119dzie przetwarza\u0142 Pa\u0144stwa dane osobowe w zwi\u0105zku z realizacj\u0105 cel\u00f3w statutowych O\u015brodka Sportu i Rekreacji w Dobrym Mie\u015bcie. Podstaw\u0105 prawn\u0105 przetwarzania Pa\u0144stwa danych osobowych przez Administratora danych jest m. in.:<\/span><\/p>\n<ol type=\"a\">\n<li>\n<p align=\"justify\"><span style=\"font-family: arial, helvetica, sans-serif; font-size: 14pt;\">art. 6 ust. 1 lit. c) RODO, tj. obowi\u0105zek prawny ci\u0105\u017c\u0105cy na administratorze, wynikaj\u0105cy w szczeg\u00f3lno\u015bci z przepis\u00f3w Ustawy z dnia 8 marca 1990 r. o samorz\u0105dzie gminnym (Dz. U. z 2021 r. poz. 1372);<\/span><\/p>\n<\/li>\n<li>\n<p align=\"justify\"><span style=\"font-family: arial, helvetica, sans-serif; font-size: 14pt;\">art. 6 ust. 1 lit. b) RODO, tj. niezb\u0119dno\u015b\u0107 przetwarzania danych w celu zawarcia i wykonania umowy, kt\u00f3rej stron\u0105 jest osoba, kt\u00f3rej dane dotycz\u0105 lub do podj\u0119cia dzia\u0142a\u0144 na \u017c\u0105danie osoby, kt\u00f3rej dane dotycz\u0105 przed zawarciem umowy;<\/span><\/p>\n<\/li>\n<li>\n<p align=\"justify\"><span style=\"font-family: arial, helvetica, sans-serif; font-size: 14pt;\">art. 6 ust. 1 lit. e) RODO tj. niezb\u0119dno\u015b\u0107 przetwarzania danych do wykonania zadania realizowanego<br \/>\nw interesie publicznym lub w ramach sprawowania w\u0142adzy publicznej powierzonej administratorowi;<\/span><\/p>\n<\/li>\n<li>\n<p align=\"justify\"><span style=\"font-family: arial, helvetica, sans-serif; font-size: 14pt;\">art. 6 ust. 1 lit. a) RODO tj. wyra\u017cona przez Pa\u0144stwa zgoda na przetwarzanie danych osobowych<br \/>\nw okre\u015blonym celu;<\/span><\/p>\n<\/li>\n<\/ol>\n<ol start=\"4\">\n<li>\n<p align=\"justify\"><span style=\"font-family: arial, helvetica, sans-serif; font-size: 14pt;\"><b>Prawo do cofni\u0119cia zgody:<\/b><\/span><\/p>\n<\/li>\n<\/ol>\n<p align=\"justify\"><span style=\"font-family: arial, helvetica, sans-serif; font-size: 14pt;\">W przypadku podania przez Pa\u0144stwa danych osobowych na podstawie wyra\u017conej przez Pa\u0144stwa zgody, przys\u0142uguje Pa\u0144stwu prawo do jej wycofania w dowolnym momencie. Wycofanie zgody nie ma wp\u0142ywu<br \/>\nna przetwarzanie Pa\u0144stwa danych do momentu cofni\u0119cia.<\/span><\/p>\n<ol start=\"5\">\n<li>\n<p align=\"justify\"><span style=\"font-family: arial, helvetica, sans-serif; font-size: 14pt;\"><b>Informacja o wymogu\/ dobrowolno\u015bci podania danych osobowych:<\/b><\/span><\/p>\n<\/li>\n<\/ol>\n<p align=\"justify\"><span style=\"font-family: arial, helvetica, sans-serif; font-size: 14pt;\">Podanie przez Pa\u0144stwa danych osobowych mo\u017ce stanowi\u0107 wym\u00f3g ustawowy, umowny b\u0105d\u017a by\u0107 warunkiem zawarcia umowy za\u015b podanie danych mo\u017ce by\u0107 niezb\u0119dne dla okre\u015blonego celu.<\/span><\/p>\n<ol type=\"a\">\n<li>\n<p align=\"justify\"><span style=\"font-family: arial, helvetica, sans-serif; font-size: 14pt;\">w przypadku braku podania przez Pa\u0144stwa danych osobowych wymaganych ustaw\u0105, Administrator danych nie b\u0119dzie m\u00f3g\u0142 zrealizowa\u0107 wynikaj\u0105cego z ustawy ci\u0105\u017c\u0105cego na nim obowi\u0105zku prawnego,<br \/>\nco z kolei mo\u017ce skutkowa\u0107 brakiem mo\u017cliwo\u015bci realizacji Pa\u0144stwa sprawy, a tak\u017ce konsekwencjami przewidzianymi przepisami prawa.<\/span><\/p>\n<\/li>\n<li>\n<p align=\"justify\"><span style=\"font-family: arial, helvetica, sans-serif; font-size: 14pt;\">w przypadku istnienia wymogu umownego, brak podania danych osobowych skutkowa\u0142 b\u0119dzie brakiem mo\u017cliwo\u015bci zawarcia i realizacji umowy.<\/span><\/p>\n<\/li>\n<li>\n<p align=\"justify\"><span style=\"font-family: arial, helvetica, sans-serif; font-size: 14pt;\">podanie przez Pa\u0144stwa danych dodatkowych, w zakresie nie wynikaj\u0105cym z przepis\u00f3w prawa, jest dobrowolne, jednak\u017ce mo\u017ce okaza\u0107 si\u0119 konieczne dla za\u0142atwienia sprawy w oczekiwany przez Pa\u0144stwa spos\u00f3b.<\/span><\/p>\n<\/li>\n<\/ol>\n<ol start=\"6\">\n<li>\n<p align=\"justify\"><span style=\"font-family: arial, helvetica, sans-serif; font-size: 14pt;\"><b>Okres przechowywania danych osobowych:<\/b><\/span><\/p>\n<\/li>\n<\/ol>\n<p align=\"justify\"><span style=\"font-family: arial, helvetica, sans-serif; font-size: 14pt;\">Pa\u0144stwa dane osobowe b\u0119d\u0105 przechowywane przez okres niezb\u0119dny do realizacji cel\u00f3w, dla kt\u00f3rych zosta\u0142y zebrane. Po tym czasie dane osobowe b\u0119d\u0105 przechowywane przez okres w zakresie wymaganym przez przepisy powszechnie obowi\u0105zuj\u0105cego prawa.<\/span><\/p>\n<ol start=\"7\">\n<li>\n<p align=\"justify\"><span style=\"font-family: arial, helvetica, sans-serif; font-size: 14pt;\"><b>Odbiorcy danych osobowych:<\/b><\/span><\/p>\n<\/li>\n<\/ol>\n<p align=\"justify\"><span style=\"font-family: arial, helvetica, sans-serif; font-size: 14pt;\">Bez Pa\u0144stwa wiedzy i zgody Administrator nie b\u0119dzie udost\u0119pnia\u0142 danych osobowych innym podmiotom. Jednak w niezb\u0119dnym zakresie i w trosce o najwy\u017csz\u0105 jako\u015b\u0107 \u015bwiadczonych przez Administratora danych us\u0142ug, Pa\u0144stwa dane osobowe mog\u0105 zosta\u0107 udost\u0119pnione organom w\u0142adzy publicznej oraz podmiotom wykonuj\u0105cym zadania publiczne lub dzia\u0142aj\u0105ce na zlecenie organ\u00f3w w\u0142adzy publicznej w zakresie i w celach, kt\u00f3re wynikaj\u0105 z przepis\u00f3w powszechnie obowi\u0105zuj\u0105cego prawa (np. organom \u015bcigania, organom kontrolnym). Pa\u0144stwa dane osobowe mog\u0105 by\u0107 r\u00f3wnie\u017c przekazywane podmiotom wspieraj\u0105cym Administratora danych w wype\u0142nianiu uprawnie\u0144 i obowi\u0105zk\u00f3w oraz w \u015bwiadczeniu us\u0142ug, w tym zapewniaj\u0105cych obs\u0142ug\u0119 informatyczn\u0105, prawn\u0105, ksi\u0119gow\u0105, ochron\u0119 os\u00f3b i mienia lub ochron\u0119 danych osobowych.<\/span><\/p>\n<ol start=\"8\">\n<li>\n<p align=\"justify\"><span style=\"font-family: arial, helvetica, sans-serif; font-size: 14pt;\"><b>Przekazywanie danych osobowych\/ profilowanie:<\/b><\/span><\/p>\n<\/li>\n<\/ol>\n<p align=\"justify\"><span style=\"font-family: arial, helvetica, sans-serif; font-size: 14pt;\">Administrator danych nie b\u0119dzie przekazywa\u0142 Pa\u0144stwa danych osobowych poza teren Polski, Unii Europejskiej oraz poza Europejski Obszar Gospodarczy. Podane przez Pa\u0144stwa dane osobowe nie b\u0119d\u0105 r\u00f3wnie\u017c wykorzystywane do zautomatyzowanego podejmowania decyzji, w tym profilowania, o kt\u00f3rym mowa w art. 22 RODO.<\/span><\/p>\n<ol start=\"9\">\n<li>\n<p align=\"justify\"><span style=\"font-family: arial, helvetica, sans-serif; font-size: 14pt;\"><b>Przys\u0142uguj\u0105ce prawa zwi\u0105zane z ochron\u0105 danych osobowych:<\/b><\/span><\/p>\n<\/li>\n<\/ol>\n<p align=\"justify\"><span style=\"font-family: arial, helvetica, sans-serif; font-size: 14pt;\">W zwi\u0105zku z przetwarzaniem Pa\u0144stwa danych osobowych, posiadaj\u0105 Pa\u0144stwo nast\u0119puj\u0105ce uprawnienia:<\/span><\/p>\n<p align=\"justify\"><span style=\"font-family: arial, helvetica, sans-serif; font-size: 14pt;\">&#8211; prawo dost\u0119pu do w\u0142asnych danych osobowych, w tym prawo do uzyskania kopii tych danych, na podstawie art. 15 RODO; &#8211; prawo do \u017c\u0105dania sprostowania (poprawienia lub uzupe\u0142nienia) Pa\u0144stwa danych osobowych, na podstawie art. 16 RODO; &#8211; prawo do \u017c\u0105dania usuni\u0119cia danych osobowych (\u201eprawo do bycia zapomnianym\u201d), z zastrze\u017ceniem przypadk\u00f3w, o kt\u00f3rych mowa w art. 17 ust. 3 RODO; &#8211; prawo do \u017c\u0105dania ograniczenia przetwarzania danych osobowych, z zastrze\u017ceniem przypadk\u00f3w, o kt\u00f3rych mowa w art. 18 ust. 2 RODO; &#8211; prawo do przenoszenia danych osobowych, na podstawie art. 20 RODO; &#8211; prawo do wniesienia sprzeciwu wobec przetwarzania danych osobowych na zasadach okre\u015blonych w art. 21 RODO.<\/span><\/p>\n<ol start=\"10\">\n<li>\n<p align=\"justify\"><span style=\"font-family: arial, helvetica, sans-serif; font-size: 14pt;\"><b>Prawo wniesienia skargi do organu nadzorczego:<\/b><\/span><\/p>\n<\/li>\n<\/ol>\n<p align=\"justify\"><span style=\"font-family: arial, helvetica, sans-serif; font-size: 14pt;\">W przypadku stwierdzenia, i\u017c Pa\u0144stwa dane osobowe s\u0105 przetwarzane z pomini\u0119ciem przepis\u00f3w<br \/>\no ochronie danych osobowych, przys\u0142uguje Pa\u0144stwu prawo do wniesienia skargi do organu nadzorczego, kt\u00f3rym jest Prezes Urz\u0119du Ochrony Danych Osobowych z siedzib\u0105 w Warszawie przy ul. Stawki 2, 00- 193 Warszawa, tel. 22&nbsp;531-03-00, kancelaria@uodo.gov.pl<\/span><\/p>\n<p align=\"justify\">&nbsp;<\/p>\n<p align=\"justify\">__________________________________________________________________________________________________<\/p>\n<p align=\"justify\">&nbsp;<\/p>\n<p><span style=\"font-family: arial, helvetica, sans-serif; font-size: 14pt;\">Inspektor Ochrony Danych Osobowych<\/span><\/p>\n<p><span style=\"font-family: arial, helvetica, sans-serif; font-size: 14pt;\">Pani Paulina Wi\u0119ckiel&nbsp;<\/span><\/p>\n<p><span style=\"font-family: arial, helvetica, sans-serif; font-size: 14pt;\">tel.534-860-829<\/span><\/p>\n<p><span style=\"font-family: arial, helvetica, sans-serif; font-size: 14pt;\">e-mail: <\/span><a href=\"mailto:paulina.wieckiel@gptogatus.pl\" rel=\"noreferrer\"><span style=\"font-family: arial, helvetica, sans-serif; font-size: 14pt;\">paulina.wieckiel@gptogatus.pl<\/span><\/a><\/p>\n","protected":false},"excerpt":{"rendered":"<p>KLAUZULA INFORMACYJNA DOTYCZ\u0104CA SPOSOBU PRZETWARZANIA DANYCH OSOBOWYCH OS\u00d3B FIZYCZNYCH W O\u015aRODKU SPORTU I REKREACJI W DOBRYM MIE\u015aCIE Szanowni Pa\u0144stwo, Realizuj\u0105c obowi\u0105zek informacyjny zgodnie z art. 13 ust. 1 i 2 oraz art. 14 Rozporz\u0105dzenia Parlamentu Europejskiego i Rady (UE) 2016\/679 z dnia 27 kwietnia 2016 roku w sprawie ochrony os\u00f3b [&hellip;]<\/p>\n","protected":false},"author":1,"featured_media":0,"parent":0,"menu_order":0,"comment_status":"closed","ping_status":"closed","template":"","meta":{"ngg_post_thumbnail":0,"footnotes":""},"class_list":["post-3924","page","type-page","status-publish","hentry"],"_links":{"self":[{"href":"https:\/\/www.osir.dobremiasto.com.pl\/index.php\/wp-json\/wp\/v2\/pages\/3924"}],"collection":[{"href":"https:\/\/www.osir.dobremiasto.com.pl\/index.php\/wp-json\/wp\/v2\/pages"}],"about":[{"href":"https:\/\/www.osir.dobremiasto.com.pl\/index.php\/wp-json\/wp\/v2\/types\/page"}],"author":[{"embeddable":true,"href":"https:\/\/www.osir.dobremiasto.com.pl\/index.php\/wp-json\/wp\/v2\/users\/1"}],"replies":[{"embeddable":true,"href":"https:\/\/www.osir.dobremiasto.com.pl\/index.php\/wp-json\/wp\/v2\/comments?post=3924"}],"version-history":[{"count":6,"href":"https:\/\/www.osir.dobremiasto.com.pl\/index.php\/wp-json\/wp\/v2\/pages\/3924\/revisions"}],"predecessor-version":[{"id":4540,"href":"https:\/\/www.osir.dobremiasto.com.pl\/index.php\/wp-json\/wp\/v2\/pages\/3924\/revisions\/4540"}],"wp:attachment":[{"href":"https:\/\/www.osir.dobremiasto.com.pl\/index.php\/wp-json\/wp\/v2\/media?parent=3924"}],"curies":[{"name":"wp","href":"https:\/\/api.w.org\/{rel}","templated":true}]}}